{"id":45,"date":"2026-03-03T10:57:11","date_gmt":"2026-03-03T09:57:11","guid":{"rendered":"https:\/\/site18.monsitecommeunpro.fr\/?page_id=45"},"modified":"2026-03-16T11:48:53","modified_gmt":"2026-03-16T10:48:53","slug":"vols","status":"publish","type":"page","link":"https:\/\/site18.monsitecommeunpro.fr\/?page_id=45","title":{"rendered":"vols"},"content":{"rendered":"\n<figure class=\"wp-block-image size-large is-resized\"><img loading=\"lazy\" decoding=\"async\" width=\"1024\" height=\"576\" src=\"https:\/\/site18.monsitecommeunpro.fr\/wp-content\/uploads\/2026\/03\/Un-Airbus-A320-214-d-Air-France-decollant-de-l-aeroport-de-Marseille-Provence-le-24-juin-2025-2204843-1024x576.jpg\" alt=\"\" class=\"wp-image-94\" style=\"width:599px;height:auto\" srcset=\"https:\/\/site18.monsitecommeunpro.fr\/wp-content\/uploads\/2026\/03\/Un-Airbus-A320-214-d-Air-France-decollant-de-l-aeroport-de-Marseille-Provence-le-24-juin-2025-2204843-1024x576.jpg 1024w, https:\/\/site18.monsitecommeunpro.fr\/wp-content\/uploads\/2026\/03\/Un-Airbus-A320-214-d-Air-France-decollant-de-l-aeroport-de-Marseille-Provence-le-24-juin-2025-2204843-300x169.jpg 300w, https:\/\/site18.monsitecommeunpro.fr\/wp-content\/uploads\/2026\/03\/Un-Airbus-A320-214-d-Air-France-decollant-de-l-aeroport-de-Marseille-Provence-le-24-juin-2025-2204843-768x432.jpg 768w, https:\/\/site18.monsitecommeunpro.fr\/wp-content\/uploads\/2026\/03\/Un-Airbus-A320-214-d-Air-France-decollant-de-l-aeroport-de-Marseille-Provence-le-24-juin-2025-2204843-1536x864.jpg 1536w, https:\/\/site18.monsitecommeunpro.fr\/wp-content\/uploads\/2026\/03\/Un-Airbus-A320-214-d-Air-France-decollant-de-l-aeroport-de-Marseille-Provence-le-24-juin-2025-2204843.jpg 2048w\" sizes=\"auto, (max-width: 1024px) 100vw, 1024px\" \/><\/figure>\n\n\n\n<p>Partez l\u2019esprit tranquille avec nos services de r\u00e9servation de <strong>vols<\/strong> \u2708\ufe0f\ud83c\udf0d<br>Que ce soit pour des vacances, un week-end ou un voyage d\u2019affaires, nous vous proposons des billets adapt\u00e9s \u00e0 vos besoins, au meilleur prix et avec des compagnies fiables.<\/p>\n\n\n\n<p><strong>Nos services :<\/strong><\/p>\n\n\n\n<ul class=\"wp-block-list\">\n<li>Recherche et r\u00e9servation rapide de vols<\/li>\n\n\n\n<li>Comparaison des meilleures offres pour \u00e9conomiser<\/li>\n\n\n\n<li>Assistance avant et pendant votre voyage<\/li>\n\n\n\n<li>Possibilit\u00e9 de combiner vols avec h\u00e9bergement ou location de voiture<\/li>\n<\/ul>\n\n\n\n<p>Profitez de la libert\u00e9 de voyager partout dans le monde et pr\u00e9parez votre prochain d\u00e9part en toute simplicit\u00e9 !<\/p>\n\n\n\n<figure class=\"wp-block-gallery has-nested-images columns-default is-cropped wp-block-gallery-1 is-layout-flex wp-block-gallery-is-layout-flex\">\n<figure class=\"wp-block-image size-full\"><img loading=\"lazy\" decoding=\"async\" width=\"992\" height=\"461\" data-id=\"119\" src=\"https:\/\/site18.monsitecommeunpro.fr\/wp-content\/uploads\/2026\/03\/concept-avion-voyage-de-france-a-allemagne-indicateur-symbole-sur-les-cartes-dans-vecteur-218420360.webp\" alt=\"\" class=\"wp-image-119\" srcset=\"https:\/\/site18.monsitecommeunpro.fr\/wp-content\/uploads\/2026\/03\/concept-avion-voyage-de-france-a-allemagne-indicateur-symbole-sur-les-cartes-dans-vecteur-218420360.webp 992w, https:\/\/site18.monsitecommeunpro.fr\/wp-content\/uploads\/2026\/03\/concept-avion-voyage-de-france-a-allemagne-indicateur-symbole-sur-les-cartes-dans-vecteur-218420360-300x139.webp 300w, https:\/\/site18.monsitecommeunpro.fr\/wp-content\/uploads\/2026\/03\/concept-avion-voyage-de-france-a-allemagne-indicateur-symbole-sur-les-cartes-dans-vecteur-218420360-768x357.webp 768w\" sizes=\"auto, (max-width: 992px) 100vw, 992px\" \/><\/figure>\n\n\n\n<figure class=\"wp-block-image size-full\"><img loading=\"lazy\" decoding=\"async\" width=\"1920\" height=\"886\" data-id=\"127\" src=\"https:\/\/site18.monsitecommeunpro.fr\/wp-content\/uploads\/2026\/03\/8099915-vol-et-voyage-de-l-allemagne-au-liban-par-passager-avion-concept-de-voyage-vectoriel.jpg\" alt=\"\" class=\"wp-image-127\" srcset=\"https:\/\/site18.monsitecommeunpro.fr\/wp-content\/uploads\/2026\/03\/8099915-vol-et-voyage-de-l-allemagne-au-liban-par-passager-avion-concept-de-voyage-vectoriel.jpg 1920w, https:\/\/site18.monsitecommeunpro.fr\/wp-content\/uploads\/2026\/03\/8099915-vol-et-voyage-de-l-allemagne-au-liban-par-passager-avion-concept-de-voyage-vectoriel-300x138.jpg 300w, https:\/\/site18.monsitecommeunpro.fr\/wp-content\/uploads\/2026\/03\/8099915-vol-et-voyage-de-l-allemagne-au-liban-par-passager-avion-concept-de-voyage-vectoriel-1024x473.jpg 1024w, https:\/\/site18.monsitecommeunpro.fr\/wp-content\/uploads\/2026\/03\/8099915-vol-et-voyage-de-l-allemagne-au-liban-par-passager-avion-concept-de-voyage-vectoriel-768x354.jpg 768w, https:\/\/site18.monsitecommeunpro.fr\/wp-content\/uploads\/2026\/03\/8099915-vol-et-voyage-de-l-allemagne-au-liban-par-passager-avion-concept-de-voyage-vectoriel-1536x709.jpg 1536w\" sizes=\"auto, (max-width: 1920px) 100vw, 1920px\" \/><\/figure>\n\n\n\n<figure class=\"wp-block-image size-full\"><img loading=\"lazy\" decoding=\"async\" width=\"1920\" height=\"886\" data-id=\"126\" src=\"https:\/\/site18.monsitecommeunpro.fr\/wp-content\/uploads\/2026\/03\/4605645-vol-et-voyage-de-l-australie-vers-l-algerie-en-avion-passager-concept-de-voyage-vectoriel.jpg\" alt=\"\" class=\"wp-image-126\" srcset=\"https:\/\/site18.monsitecommeunpro.fr\/wp-content\/uploads\/2026\/03\/4605645-vol-et-voyage-de-l-australie-vers-l-algerie-en-avion-passager-concept-de-voyage-vectoriel.jpg 1920w, https:\/\/site18.monsitecommeunpro.fr\/wp-content\/uploads\/2026\/03\/4605645-vol-et-voyage-de-l-australie-vers-l-algerie-en-avion-passager-concept-de-voyage-vectoriel-300x138.jpg 300w, https:\/\/site18.monsitecommeunpro.fr\/wp-content\/uploads\/2026\/03\/4605645-vol-et-voyage-de-l-australie-vers-l-algerie-en-avion-passager-concept-de-voyage-vectoriel-1024x473.jpg 1024w, https:\/\/site18.monsitecommeunpro.fr\/wp-content\/uploads\/2026\/03\/4605645-vol-et-voyage-de-l-australie-vers-l-algerie-en-avion-passager-concept-de-voyage-vectoriel-768x354.jpg 768w, https:\/\/site18.monsitecommeunpro.fr\/wp-content\/uploads\/2026\/03\/4605645-vol-et-voyage-de-l-australie-vers-l-algerie-en-avion-passager-concept-de-voyage-vectoriel-1536x709.jpg 1536w\" sizes=\"auto, (max-width: 1920px) 100vw, 1920px\" \/><\/figure>\n<\/figure>\n\n\n\n<figure class=\"wp-block-gallery has-nested-images columns-default is-cropped wp-block-gallery-2 is-layout-flex wp-block-gallery-is-layout-flex\">\n<figure class=\"wp-block-image size-large\"><img loading=\"lazy\" decoding=\"async\" width=\"1024\" height=\"473\" data-id=\"120\" src=\"https:\/\/site18.monsitecommeunpro.fr\/wp-content\/uploads\/2026\/03\/5126716-vol-et-voyage-de-l-espagne-vers-la-france-par-passager-avion-concept-de-voyage-vectoriel-1024x473.jpg\" alt=\"\" class=\"wp-image-120\" srcset=\"https:\/\/site18.monsitecommeunpro.fr\/wp-content\/uploads\/2026\/03\/5126716-vol-et-voyage-de-l-espagne-vers-la-france-par-passager-avion-concept-de-voyage-vectoriel-1024x473.jpg 1024w, https:\/\/site18.monsitecommeunpro.fr\/wp-content\/uploads\/2026\/03\/5126716-vol-et-voyage-de-l-espagne-vers-la-france-par-passager-avion-concept-de-voyage-vectoriel-300x138.jpg 300w, https:\/\/site18.monsitecommeunpro.fr\/wp-content\/uploads\/2026\/03\/5126716-vol-et-voyage-de-l-espagne-vers-la-france-par-passager-avion-concept-de-voyage-vectoriel-768x354.jpg 768w, https:\/\/site18.monsitecommeunpro.fr\/wp-content\/uploads\/2026\/03\/5126716-vol-et-voyage-de-l-espagne-vers-la-france-par-passager-avion-concept-de-voyage-vectoriel-1536x709.jpg 1536w, https:\/\/site18.monsitecommeunpro.fr\/wp-content\/uploads\/2026\/03\/5126716-vol-et-voyage-de-l-espagne-vers-la-france-par-passager-avion-concept-de-voyage-vectoriel.jpg 1920w\" sizes=\"auto, (max-width: 1024px) 100vw, 1024px\" \/><\/figure>\n\n\n\n<figure class=\"wp-block-image size-large\"><img loading=\"lazy\" decoding=\"async\" width=\"664\" height=\"443\" data-id=\"122\" src=\"https:\/\/site18.monsitecommeunpro.fr\/wp-content\/uploads\/2026\/03\/9464032_1721312407812-france-tunisie-russie-final.avif\" alt=\"\" class=\"wp-image-122\"\/><\/figure>\n\n\n\n<figure class=\"wp-block-image size-large\"><img loading=\"lazy\" decoding=\"async\" width=\"1024\" height=\"473\" data-id=\"124\" src=\"https:\/\/site18.monsitecommeunpro.fr\/wp-content\/uploads\/2026\/03\/5126684-vol-et-voyage-de-france-vers-algerie-en-avion-passager-concept-de-voyage-vectoriel-1024x473.jpg\" alt=\"\" class=\"wp-image-124\" srcset=\"https:\/\/site18.monsitecommeunpro.fr\/wp-content\/uploads\/2026\/03\/5126684-vol-et-voyage-de-france-vers-algerie-en-avion-passager-concept-de-voyage-vectoriel-1024x473.jpg 1024w, https:\/\/site18.monsitecommeunpro.fr\/wp-content\/uploads\/2026\/03\/5126684-vol-et-voyage-de-france-vers-algerie-en-avion-passager-concept-de-voyage-vectoriel-300x138.jpg 300w, https:\/\/site18.monsitecommeunpro.fr\/wp-content\/uploads\/2026\/03\/5126684-vol-et-voyage-de-france-vers-algerie-en-avion-passager-concept-de-voyage-vectoriel-768x354.jpg 768w, https:\/\/site18.monsitecommeunpro.fr\/wp-content\/uploads\/2026\/03\/5126684-vol-et-voyage-de-france-vers-algerie-en-avion-passager-concept-de-voyage-vectoriel-1536x709.jpg 1536w, https:\/\/site18.monsitecommeunpro.fr\/wp-content\/uploads\/2026\/03\/5126684-vol-et-voyage-de-france-vers-algerie-en-avion-passager-concept-de-voyage-vectoriel.jpg 1920w\" sizes=\"auto, (max-width: 1024px) 100vw, 1024px\" \/><\/figure>\n<\/figure>\n\n\n\n<figure class=\"wp-block-gallery has-nested-images columns-default is-cropped wp-block-gallery-3 is-layout-flex wp-block-gallery-is-layout-flex\">\n<figure class=\"wp-block-image size-full\"><img loading=\"lazy\" decoding=\"async\" width=\"800\" height=\"400\" data-id=\"123\" src=\"https:\/\/site18.monsitecommeunpro.fr\/wp-content\/uploads\/2026\/03\/airfrance-020420-1.jpg\" alt=\"\" class=\"wp-image-123\" srcset=\"https:\/\/site18.monsitecommeunpro.fr\/wp-content\/uploads\/2026\/03\/airfrance-020420-1.jpg 800w, https:\/\/site18.monsitecommeunpro.fr\/wp-content\/uploads\/2026\/03\/airfrance-020420-1-300x150.jpg 300w, https:\/\/site18.monsitecommeunpro.fr\/wp-content\/uploads\/2026\/03\/airfrance-020420-1-768x384.jpg 768w\" sizes=\"auto, (max-width: 800px) 100vw, 800px\" \/><\/figure>\n\n\n\n<figure class=\"wp-block-image size-full\"><img loading=\"lazy\" decoding=\"async\" width=\"2048\" height=\"1152\" data-id=\"94\" src=\"https:\/\/site18.monsitecommeunpro.fr\/wp-content\/uploads\/2026\/03\/Un-Airbus-A320-214-d-Air-France-decollant-de-l-aeroport-de-Marseille-Provence-le-24-juin-2025-2204843.jpg\" alt=\"\" class=\"wp-image-94\" srcset=\"https:\/\/site18.monsitecommeunpro.fr\/wp-content\/uploads\/2026\/03\/Un-Airbus-A320-214-d-Air-France-decollant-de-l-aeroport-de-Marseille-Provence-le-24-juin-2025-2204843.jpg 2048w, https:\/\/site18.monsitecommeunpro.fr\/wp-content\/uploads\/2026\/03\/Un-Airbus-A320-214-d-Air-France-decollant-de-l-aeroport-de-Marseille-Provence-le-24-juin-2025-2204843-300x169.jpg 300w, https:\/\/site18.monsitecommeunpro.fr\/wp-content\/uploads\/2026\/03\/Un-Airbus-A320-214-d-Air-France-decollant-de-l-aeroport-de-Marseille-Provence-le-24-juin-2025-2204843-1024x576.jpg 1024w, https:\/\/site18.monsitecommeunpro.fr\/wp-content\/uploads\/2026\/03\/Un-Airbus-A320-214-d-Air-France-decollant-de-l-aeroport-de-Marseille-Provence-le-24-juin-2025-2204843-768x432.jpg 768w, https:\/\/site18.monsitecommeunpro.fr\/wp-content\/uploads\/2026\/03\/Un-Airbus-A320-214-d-Air-France-decollant-de-l-aeroport-de-Marseille-Provence-le-24-juin-2025-2204843-1536x864.jpg 1536w\" sizes=\"auto, (max-width: 2048px) 100vw, 2048px\" \/><\/figure>\n\n\n\n<figure class=\"wp-block-image size-full\"><img loading=\"lazy\" decoding=\"async\" width=\"1920\" height=\"886\" data-id=\"124\" src=\"https:\/\/site18.monsitecommeunpro.fr\/wp-content\/uploads\/2026\/03\/5126684-vol-et-voyage-de-france-vers-algerie-en-avion-passager-concept-de-voyage-vectoriel.jpg\" alt=\"\" class=\"wp-image-124\" srcset=\"https:\/\/site18.monsitecommeunpro.fr\/wp-content\/uploads\/2026\/03\/5126684-vol-et-voyage-de-france-vers-algerie-en-avion-passager-concept-de-voyage-vectoriel.jpg 1920w, https:\/\/site18.monsitecommeunpro.fr\/wp-content\/uploads\/2026\/03\/5126684-vol-et-voyage-de-france-vers-algerie-en-avion-passager-concept-de-voyage-vectoriel-300x138.jpg 300w, https:\/\/site18.monsitecommeunpro.fr\/wp-content\/uploads\/2026\/03\/5126684-vol-et-voyage-de-france-vers-algerie-en-avion-passager-concept-de-voyage-vectoriel-1024x473.jpg 1024w, https:\/\/site18.monsitecommeunpro.fr\/wp-content\/uploads\/2026\/03\/5126684-vol-et-voyage-de-france-vers-algerie-en-avion-passager-concept-de-voyage-vectoriel-768x354.jpg 768w, https:\/\/site18.monsitecommeunpro.fr\/wp-content\/uploads\/2026\/03\/5126684-vol-et-voyage-de-france-vers-algerie-en-avion-passager-concept-de-voyage-vectoriel-1536x709.jpg 1536w\" sizes=\"auto, (max-width: 1920px) 100vw, 1920px\" \/><\/figure>\n\n\n\n<figure class=\"wp-block-image size-full\"><img loading=\"lazy\" decoding=\"async\" width=\"1920\" height=\"886\" data-id=\"125\" src=\"https:\/\/site18.monsitecommeunpro.fr\/wp-content\/uploads\/2026\/03\/5128270-vol-et-voyage-de-l-espagne-vers-la-mauritanie-en-avion-passager-concept-de-voyage-vectoriel.jpg\" alt=\"\" class=\"wp-image-125\" srcset=\"https:\/\/site18.monsitecommeunpro.fr\/wp-content\/uploads\/2026\/03\/5128270-vol-et-voyage-de-l-espagne-vers-la-mauritanie-en-avion-passager-concept-de-voyage-vectoriel.jpg 1920w, https:\/\/site18.monsitecommeunpro.fr\/wp-content\/uploads\/2026\/03\/5128270-vol-et-voyage-de-l-espagne-vers-la-mauritanie-en-avion-passager-concept-de-voyage-vectoriel-300x138.jpg 300w, https:\/\/site18.monsitecommeunpro.fr\/wp-content\/uploads\/2026\/03\/5128270-vol-et-voyage-de-l-espagne-vers-la-mauritanie-en-avion-passager-concept-de-voyage-vectoriel-1024x473.jpg 1024w, https:\/\/site18.monsitecommeunpro.fr\/wp-content\/uploads\/2026\/03\/5128270-vol-et-voyage-de-l-espagne-vers-la-mauritanie-en-avion-passager-concept-de-voyage-vectoriel-768x354.jpg 768w, https:\/\/site18.monsitecommeunpro.fr\/wp-content\/uploads\/2026\/03\/5128270-vol-et-voyage-de-l-espagne-vers-la-mauritanie-en-avion-passager-concept-de-voyage-vectoriel-1536x709.jpg 1536w\" sizes=\"auto, (max-width: 1920px) 100vw, 1920px\" \/><\/figure>\n\n\n\n<figure class=\"wp-block-image size-full\"><img loading=\"lazy\" decoding=\"async\" width=\"1920\" height=\"886\" data-id=\"120\" src=\"https:\/\/site18.monsitecommeunpro.fr\/wp-content\/uploads\/2026\/03\/5126716-vol-et-voyage-de-l-espagne-vers-la-france-par-passager-avion-concept-de-voyage-vectoriel.jpg\" alt=\"\" class=\"wp-image-120\" srcset=\"https:\/\/site18.monsitecommeunpro.fr\/wp-content\/uploads\/2026\/03\/5126716-vol-et-voyage-de-l-espagne-vers-la-france-par-passager-avion-concept-de-voyage-vectoriel.jpg 1920w, https:\/\/site18.monsitecommeunpro.fr\/wp-content\/uploads\/2026\/03\/5126716-vol-et-voyage-de-l-espagne-vers-la-france-par-passager-avion-concept-de-voyage-vectoriel-300x138.jpg 300w, https:\/\/site18.monsitecommeunpro.fr\/wp-content\/uploads\/2026\/03\/5126716-vol-et-voyage-de-l-espagne-vers-la-france-par-passager-avion-concept-de-voyage-vectoriel-1024x473.jpg 1024w, https:\/\/site18.monsitecommeunpro.fr\/wp-content\/uploads\/2026\/03\/5126716-vol-et-voyage-de-l-espagne-vers-la-france-par-passager-avion-concept-de-voyage-vectoriel-768x354.jpg 768w, https:\/\/site18.monsitecommeunpro.fr\/wp-content\/uploads\/2026\/03\/5126716-vol-et-voyage-de-l-espagne-vers-la-france-par-passager-avion-concept-de-voyage-vectoriel-1536x709.jpg 1536w\" sizes=\"auto, (max-width: 1920px) 100vw, 1920px\" \/><\/figure>\n\n\n\n<figure class=\"wp-block-image size-full\"><img loading=\"lazy\" decoding=\"async\" width=\"1920\" height=\"886\" data-id=\"127\" src=\"https:\/\/site18.monsitecommeunpro.fr\/wp-content\/uploads\/2026\/03\/8099915-vol-et-voyage-de-l-allemagne-au-liban-par-passager-avion-concept-de-voyage-vectoriel.jpg\" alt=\"\" class=\"wp-image-127\" srcset=\"https:\/\/site18.monsitecommeunpro.fr\/wp-content\/uploads\/2026\/03\/8099915-vol-et-voyage-de-l-allemagne-au-liban-par-passager-avion-concept-de-voyage-vectoriel.jpg 1920w, https:\/\/site18.monsitecommeunpro.fr\/wp-content\/uploads\/2026\/03\/8099915-vol-et-voyage-de-l-allemagne-au-liban-par-passager-avion-concept-de-voyage-vectoriel-300x138.jpg 300w, https:\/\/site18.monsitecommeunpro.fr\/wp-content\/uploads\/2026\/03\/8099915-vol-et-voyage-de-l-allemagne-au-liban-par-passager-avion-concept-de-voyage-vectoriel-1024x473.jpg 1024w, https:\/\/site18.monsitecommeunpro.fr\/wp-content\/uploads\/2026\/03\/8099915-vol-et-voyage-de-l-allemagne-au-liban-par-passager-avion-concept-de-voyage-vectoriel-768x354.jpg 768w, https:\/\/site18.monsitecommeunpro.fr\/wp-content\/uploads\/2026\/03\/8099915-vol-et-voyage-de-l-allemagne-au-liban-par-passager-avion-concept-de-voyage-vectoriel-1536x709.jpg 1536w\" sizes=\"auto, (max-width: 1920px) 100vw, 1920px\" \/><\/figure>\n<\/figure>\n","protected":false},"excerpt":{"rendered":"<p>Partez l\u2019esprit tranquille avec nos services de r\u00e9servation de vols \u2708\ufe0f\ud83c\udf0dQue ce soit pour des vacances, un week-end ou un [&hellip;]<\/p>\n","protected":false},"author":1,"featured_media":0,"parent":0,"menu_order":0,"comment_status":"closed","ping_status":"closed","template":"","meta":{"site-sidebar-layout":"default","site-content-layout":"","ast-site-content-layout":"default","site-content-style":"default","site-sidebar-style":"default","ast-global-header-display":"","ast-banner-title-visibility":"","ast-main-header-display":"","ast-hfb-above-header-display":"","ast-hfb-below-header-display":"","ast-hfb-mobile-header-display":"","site-post-title":"","ast-breadcrumbs-content":"","ast-featured-img":"","footer-sml-layout":"","ast-disable-related-posts":"","theme-transparent-header-meta":"","adv-header-id-meta":"","stick-header-meta":"","header-above-stick-meta":"","header-main-stick-meta":"","header-below-stick-meta":"","astra-migrate-meta-layouts":"default","ast-page-background-enabled":"default","ast-page-background-meta":{"desktop":{"background-color":"var(--ast-global-color-5)","background-image":"","background-repeat":"repeat","background-position":"center center","background-size":"auto","background-attachment":"scroll","background-type":"","background-media":"","overlay-type":"","overlay-color":"","overlay-opacity":"","overlay-gradient":""},"tablet":{"background-color":"","background-image":"","background-repeat":"repeat","background-position":"center center","background-size":"auto","background-attachment":"scroll","background-type":"","background-media":"","overlay-type":"","overlay-color":"","overlay-opacity":"","overlay-gradient":""},"mobile":{"background-color":"","background-image":"","background-repeat":"repeat","background-position":"center center","background-size":"auto","background-attachment":"scroll","background-type":"","background-media":"","overlay-type":"","overlay-color":"","overlay-opacity":"","overlay-gradient":""}},"ast-content-background-meta":{"desktop":{"background-color":"var(--ast-global-color-4)","background-image":"","background-repeat":"repeat","background-position":"center center","background-size":"auto","background-attachment":"scroll","background-type":"","background-media":"","overlay-type":"","overlay-color":"","overlay-opacity":"","overlay-gradient":""},"tablet":{"background-color":"var(--ast-global-color-4)","background-image":"","background-repeat":"repeat","background-position":"center center","background-size":"auto","background-attachment":"scroll","background-type":"","background-media":"","overlay-type":"","overlay-color":"","overlay-opacity":"","overlay-gradient":""},"mobile":{"background-color":"var(--ast-global-color-4)","background-image":"","background-repeat":"repeat","background-position":"center center","background-size":"auto","background-attachment":"scroll","background-type":"","background-media":"","overlay-type":"","overlay-color":"","overlay-opacity":"","overlay-gradient":""}},"footnotes":""},"class_list":["post-45","page","type-page","status-publish","hentry"],"yoast_head":"<!-- This site is optimized with the Yoast SEO plugin v27.0 - https:\/\/yoast.com\/product\/yoast-seo-wordpress\/ -->\n<title>vols -<\/title>\n<meta name=\"robots\" content=\"index, follow, max-snippet:-1, max-image-preview:large, max-video-preview:-1\" \/>\n<link rel=\"canonical\" href=\"https:\/\/site18.monsitecommeunpro.fr\/?page_id=45\" \/>\n<meta property=\"og:locale\" content=\"fr_FR\" \/>\n<meta property=\"og:type\" content=\"article\" \/>\n<meta property=\"og:title\" content=\"vols -\" \/>\n<meta property=\"og:description\" content=\"Partez l\u2019esprit tranquille avec nos services de r\u00e9servation de vols \u2708\ufe0f\ud83c\udf0dQue ce soit pour des vacances, un week-end ou un [&hellip;]\" \/>\n<meta property=\"og:url\" content=\"https:\/\/site18.monsitecommeunpro.fr\/?page_id=45\" \/>\n<meta property=\"article:modified_time\" content=\"2026-03-16T10:48:53+00:00\" \/>\n<meta property=\"og:image\" content=\"https:\/\/site18.monsitecommeunpro.fr\/wp-content\/uploads\/2026\/03\/Un-Airbus-A320-214-d-Air-France-decollant-de-l-aeroport-de-Marseille-Provence-le-24-juin-2025-2204843.jpg\" \/>\n\t<meta property=\"og:image:width\" content=\"2048\" \/>\n\t<meta property=\"og:image:height\" content=\"1152\" \/>\n\t<meta property=\"og:image:type\" content=\"image\/jpeg\" \/>\n<meta name=\"twitter:card\" content=\"summary_large_image\" \/>\n<script type=\"application\/ld+json\" class=\"yoast-schema-graph\">{\"@context\":\"https:\/\/schema.org\",\"@graph\":[{\"@type\":\"WebPage\",\"@id\":\"https:\/\/site18.monsitecommeunpro.fr\/?page_id=45\",\"url\":\"https:\/\/site18.monsitecommeunpro.fr\/?page_id=45\",\"name\":\"vols -\",\"isPartOf\":{\"@id\":\"https:\/\/site18.monsitecommeunpro.fr\/#website\"},\"primaryImageOfPage\":{\"@id\":\"https:\/\/site18.monsitecommeunpro.fr\/?page_id=45#primaryimage\"},\"image\":{\"@id\":\"https:\/\/site18.monsitecommeunpro.fr\/?page_id=45#primaryimage\"},\"thumbnailUrl\":\"https:\/\/site18.monsitecommeunpro.fr\/wp-content\/uploads\/2026\/03\/Un-Airbus-A320-214-d-Air-France-decollant-de-l-aeroport-de-Marseille-Provence-le-24-juin-2025-2204843-1024x576.jpg\",\"datePublished\":\"2026-03-03T09:57:11+00:00\",\"dateModified\":\"2026-03-16T10:48:53+00:00\",\"breadcrumb\":{\"@id\":\"https:\/\/site18.monsitecommeunpro.fr\/?page_id=45#breadcrumb\"},\"inLanguage\":\"fr-FR\",\"potentialAction\":[{\"@type\":\"ReadAction\",\"target\":[\"https:\/\/site18.monsitecommeunpro.fr\/?page_id=45\"]}]},{\"@type\":\"ImageObject\",\"inLanguage\":\"fr-FR\",\"@id\":\"https:\/\/site18.monsitecommeunpro.fr\/?page_id=45#primaryimage\",\"url\":\"https:\/\/site18.monsitecommeunpro.fr\/wp-content\/uploads\/2026\/03\/Un-Airbus-A320-214-d-Air-France-decollant-de-l-aeroport-de-Marseille-Provence-le-24-juin-2025-2204843.jpg\",\"contentUrl\":\"https:\/\/site18.monsitecommeunpro.fr\/wp-content\/uploads\/2026\/03\/Un-Airbus-A320-214-d-Air-France-decollant-de-l-aeroport-de-Marseille-Provence-le-24-juin-2025-2204843.jpg\",\"width\":2048,\"height\":1152},{\"@type\":\"BreadcrumbList\",\"@id\":\"https:\/\/site18.monsitecommeunpro.fr\/?page_id=45#breadcrumb\",\"itemListElement\":[{\"@type\":\"ListItem\",\"position\":1,\"name\":\"Accueil\",\"item\":\"https:\/\/site18.monsitecommeunpro.fr\/\"},{\"@type\":\"ListItem\",\"position\":2,\"name\":\"vols\"}]},{\"@type\":\"WebSite\",\"@id\":\"https:\/\/site18.monsitecommeunpro.fr\/#website\",\"url\":\"https:\/\/site18.monsitecommeunpro.fr\/\",\"name\":\"\",\"description\":\"\",\"potentialAction\":[{\"@type\":\"SearchAction\",\"target\":{\"@type\":\"EntryPoint\",\"urlTemplate\":\"https:\/\/site18.monsitecommeunpro.fr\/?s={search_term_string}\"},\"query-input\":{\"@type\":\"PropertyValueSpecification\",\"valueRequired\":true,\"valueName\":\"search_term_string\"}}],\"inLanguage\":\"fr-FR\"}]}<\/script>\n<!-- \/ Yoast SEO plugin. -->","yoast_head_json":{"title":"vols -","robots":{"index":"index","follow":"follow","max-snippet":"max-snippet:-1","max-image-preview":"max-image-preview:large","max-video-preview":"max-video-preview:-1"},"canonical":"https:\/\/site18.monsitecommeunpro.fr\/?page_id=45","og_locale":"fr_FR","og_type":"article","og_title":"vols -","og_description":"Partez l\u2019esprit tranquille avec nos services de r\u00e9servation de vols \u2708\ufe0f\ud83c\udf0dQue ce soit pour des vacances, un week-end ou un [&hellip;]","og_url":"https:\/\/site18.monsitecommeunpro.fr\/?page_id=45","article_modified_time":"2026-03-16T10:48:53+00:00","og_image":[{"width":2048,"height":1152,"url":"https:\/\/site18.monsitecommeunpro.fr\/wp-content\/uploads\/2026\/03\/Un-Airbus-A320-214-d-Air-France-decollant-de-l-aeroport-de-Marseille-Provence-le-24-juin-2025-2204843.jpg","type":"image\/jpeg"}],"twitter_card":"summary_large_image","schema":{"@context":"https:\/\/schema.org","@graph":[{"@type":"WebPage","@id":"https:\/\/site18.monsitecommeunpro.fr\/?page_id=45","url":"https:\/\/site18.monsitecommeunpro.fr\/?page_id=45","name":"vols -","isPartOf":{"@id":"https:\/\/site18.monsitecommeunpro.fr\/#website"},"primaryImageOfPage":{"@id":"https:\/\/site18.monsitecommeunpro.fr\/?page_id=45#primaryimage"},"image":{"@id":"https:\/\/site18.monsitecommeunpro.fr\/?page_id=45#primaryimage"},"thumbnailUrl":"https:\/\/site18.monsitecommeunpro.fr\/wp-content\/uploads\/2026\/03\/Un-Airbus-A320-214-d-Air-France-decollant-de-l-aeroport-de-Marseille-Provence-le-24-juin-2025-2204843-1024x576.jpg","datePublished":"2026-03-03T09:57:11+00:00","dateModified":"2026-03-16T10:48:53+00:00","breadcrumb":{"@id":"https:\/\/site18.monsitecommeunpro.fr\/?page_id=45#breadcrumb"},"inLanguage":"fr-FR","potentialAction":[{"@type":"ReadAction","target":["https:\/\/site18.monsitecommeunpro.fr\/?page_id=45"]}]},{"@type":"ImageObject","inLanguage":"fr-FR","@id":"https:\/\/site18.monsitecommeunpro.fr\/?page_id=45#primaryimage","url":"https:\/\/site18.monsitecommeunpro.fr\/wp-content\/uploads\/2026\/03\/Un-Airbus-A320-214-d-Air-France-decollant-de-l-aeroport-de-Marseille-Provence-le-24-juin-2025-2204843.jpg","contentUrl":"https:\/\/site18.monsitecommeunpro.fr\/wp-content\/uploads\/2026\/03\/Un-Airbus-A320-214-d-Air-France-decollant-de-l-aeroport-de-Marseille-Provence-le-24-juin-2025-2204843.jpg","width":2048,"height":1152},{"@type":"BreadcrumbList","@id":"https:\/\/site18.monsitecommeunpro.fr\/?page_id=45#breadcrumb","itemListElement":[{"@type":"ListItem","position":1,"name":"Accueil","item":"https:\/\/site18.monsitecommeunpro.fr\/"},{"@type":"ListItem","position":2,"name":"vols"}]},{"@type":"WebSite","@id":"https:\/\/site18.monsitecommeunpro.fr\/#website","url":"https:\/\/site18.monsitecommeunpro.fr\/","name":"","description":"","potentialAction":[{"@type":"SearchAction","target":{"@type":"EntryPoint","urlTemplate":"https:\/\/site18.monsitecommeunpro.fr\/?s={search_term_string}"},"query-input":{"@type":"PropertyValueSpecification","valueRequired":true,"valueName":"search_term_string"}}],"inLanguage":"fr-FR"}]}},"_links":{"self":[{"href":"https:\/\/site18.monsitecommeunpro.fr\/index.php?rest_route=\/wp\/v2\/pages\/45","targetHints":{"allow":["GET"]}}],"collection":[{"href":"https:\/\/site18.monsitecommeunpro.fr\/index.php?rest_route=\/wp\/v2\/pages"}],"about":[{"href":"https:\/\/site18.monsitecommeunpro.fr\/index.php?rest_route=\/wp\/v2\/types\/page"}],"author":[{"embeddable":true,"href":"https:\/\/site18.monsitecommeunpro.fr\/index.php?rest_route=\/wp\/v2\/users\/1"}],"replies":[{"embeddable":true,"href":"https:\/\/site18.monsitecommeunpro.fr\/index.php?rest_route=%2Fwp%2Fv2%2Fcomments&post=45"}],"version-history":[{"count":6,"href":"https:\/\/site18.monsitecommeunpro.fr\/index.php?rest_route=\/wp\/v2\/pages\/45\/revisions"}],"predecessor-version":[{"id":209,"href":"https:\/\/site18.monsitecommeunpro.fr\/index.php?rest_route=\/wp\/v2\/pages\/45\/revisions\/209"}],"wp:attachment":[{"href":"https:\/\/site18.monsitecommeunpro.fr\/index.php?rest_route=%2Fwp%2Fv2%2Fmedia&parent=45"}],"curies":[{"name":"wp","href":"https:\/\/api.w.org\/{rel}","templated":true}]}}